{"id":2580,"date":"2022-10-21T14:41:53","date_gmt":"2022-10-21T12:41:53","guid":{"rendered":"https:\/\/www.xxlkw-parking.de\/datu-aizsardziba\/"},"modified":"2022-12-24T08:11:52","modified_gmt":"2022-12-24T07:11:52","slug":"datu-aizsardziba","status":"publish","type":"page","link":"https:\/\/www.xxlkw-parking.de\/lv\/datu-aizsardziba\/","title":{"rendered":"Datu aizsardz\u012bba"},"content":{"rendered":"\n<div style=\"height:100px\" aria-hidden=\"true\" class=\"wp-block-spacer\"><\/div>\n\n\n\n<div class=\"wp-block-columns breite is-layout-flex wp-container-core-columns-is-layout-9d6595d7 wp-block-columns-is-layout-flex\">\n<div class=\"wp-block-column is-layout-flow wp-block-column-is-layout-flow\">\n<h2 class=\"breite wp-block-heading\">Datu aizsardz\u012bba<\/h2>\n<\/div>\n<\/div>\n\n\n\n<div class=\"wp-block-columns breite is-layout-flex wp-container-core-columns-is-layout-9d6595d7 wp-block-columns-is-layout-flex\">\n<div class=\"wp-block-column is-layout-flow wp-block-column-is-layout-flow\" style=\"flex-basis:100%\">\n<div class=\"wp-block-group\"><div class=\"wp-block-group__inner-container is-layout-flow wp-block-group-is-layout-flow\">\n<div class=\"wp-block-columns breite is-layout-flex wp-container-core-columns-is-layout-9d6595d7 wp-block-columns-is-layout-flex\">\n<div class=\"wp-block-column is-layout-flow wp-block-column-is-layout-flow\" style=\"flex-basis:100%\">\n<div id=\"wp-block-themeisle-blocks-advanced-columns-f97a8a07\" class=\"wp-block-themeisle-blocks-advanced-columns has-1-columns has-desktop-equal-layout has-tablet-equal-layout has-mobile-equal-layout has-vertical-unset\"><div class=\"wp-block-themeisle-blocks-advanced-columns-overlay\"><\/div><div class=\"innerblocks-wrap\">\n<div id=\"wp-block-themeisle-blocks-advanced-column-7acb3701\" class=\"wp-block-themeisle-blocks-advanced-column breite\">\n<div class=\"wp-block-columns is-layout-flex wp-container-core-columns-is-layout-9d6595d7 wp-block-columns-is-layout-flex\">\n<div class=\"wp-block-column is-layout-flow wp-block-column-is-layout-flow\">\n<div class=\"wp-block-group\"><div class=\"wp-block-group__inner-container is-layout-flow wp-block-group-is-layout-flow\">\n<p><strong>Konfidencialit\u0101tes politika &#8211;<br>XXLKW Secure Parking Elbebr\u00fccke GmbH<\/strong><\/p>\n\n\n\n<p>J\u016bsu personas datu godpr\u0101t\u012bga apstr\u0101de mums ir \u013coti svar\u012bga. Saska\u0146\u0101 ar Eiropas datu aizsardz\u012bbas ties\u012bbu aktiem tas ietver saprotamu inform\u0101ciju. T\u0101p\u0113c m\u016bsu datu aizsardz\u012bbas deklar\u0101cij\u0101 uzzin\u0101siet, k\u0101 m\u0113s apstr\u0101d\u0101jam personas datus princip\u0101 un jo \u012bpa\u0161i m\u016bsu t\u012bmek\u013ca vietn\u0113s. M\u0113s ar\u012b inform\u0113jam j\u016bs par j\u016bsu ties\u012bb\u0101m saska\u0146\u0101 ar datu aizsardz\u012bbas likumiem. M\u0113s cen\u0161amies, lai \u0161\u012b inform\u0101cija b\u016btu p\u0113c iesp\u0113jas kodol\u012bg\u0101ka un saprotam\u0101ka, bet ar\u012b pietiekami detaliz\u0113ta. \u0160\u012b konfidencialit\u0101tes politika attiecas ar\u012b uz m\u016bsu vietn\u0113m un soci\u0101lo mediju profiliem. Ja v\u0113laties prec\u012bz\u0101k uzzin\u0101t, ko noz\u012bm\u0113 \u0161eit lietotie datu aizsardz\u012bbas termini, Visp\u0101r\u012bgaj\u0101 datu aizsardz\u012bbas regul\u0101 (DSGVO 4. pants) ir sniegts defin\u012bciju saraksts.<\/p>\n\n\n\n<p><strong>No pirm\u0101 acu uzmetiena<\/strong><\/p>\n\n\n\n<p><strong>Datu apstr\u0101de uz\u0146\u0113mum\u0101 XXLW Secure Parking Elbebr\u00fccke GmbH<\/strong><br>M\u0113s v\u0101cam personas datus no klientiem, darbiniekiem un sadarb\u012bbas partneriem, k\u0101 ar\u012b no t\u012bmek\u013ca vietnes apmekl\u0113t\u0101jiem, lai nosl\u0113gtu un izpild\u012btu l\u012bgumus, izpild\u012btu juridisk\u0101s saist\u012bbas un m\u016bsu pa\u0161u vajadz\u012bb\u0101m, piem\u0113ram, m\u016bsu iek\u0161\u0113jo procesu un rekl\u0101mas vajadz\u012bb\u0101m. Ja nepiecie\u0161ams, m\u0113s nododam datus iek\u0161\u0113j\u0101m un \u0101r\u0113j\u0101m strukt\u016br\u0101m, piem\u0113ram, iest\u0101d\u0113m. M\u0113s glab\u0101jam datus tikai tik ilgi, cik to prasa attiec\u012bgais m\u0113r\u0137is un ties\u012bbu akti.<\/p>\n\n\n\n<p><strong>S\u012bkfaili<\/strong><br>M\u0113s nep\u0101rdodam datus. M\u016bsu t\u012bmek\u013ca pied\u0101v\u0101jums netiek finans\u0113ts no rekl\u0101mas. M\u0113s izmantojam s\u012bkfailus un citas izseko\u0161anas tehnolo\u0123ijas tikai un vien\u012bgi, lai analiz\u0113tu m\u016bsu vietnes izmanto\u0161anu un nodro\u0161in\u0101tu satura r\u0101d\u012b\u0161anu.<\/p>\n\n\n\n<p><strong>J\u016bsu ties\u012bbas<\/strong><br>M\u0113s jebkur\u0101 laik\u0101 sniedzam jums inform\u0101ciju par j\u016bsu apstr\u0101d\u0101tajiem datiem, k\u0101 ar\u012b iesp\u0113ju tos labot, dz\u0113st un iebilst pret apstr\u0101di. Jums ir ar\u012b ties\u012bbas p\u0101rs\u016bt\u012bt datus un ties\u012bbas sazin\u0101ties ar m\u016bsu atbild\u012bgo datu aizsardz\u012bbas uzraudz\u012bbas iest\u0101di (www.lda.bayern.de) vai j\u016bsu valsts uzraudz\u012bbas iest\u0101di, lai iesniegtu s\u016bdz\u012bbas.<br><br><strong>Sazinieties ar<\/strong><br>Par j\u016bsu datu apstr\u0101di atbild\u012bgais uz\u0146\u0113mums ir XXLKW Secure Parking Elbebr\u00fccke GmbH, Raiffeisenallee 6a, 82041 Oberhaching. Jaut\u0101jumi par datu aizsardz\u012bbu uz\u0146\u0113mum\u0101 XXLKW j\u0101adres\u0113 uz <a href=\"mailto:datenschutz@hauptstein.de\">datenschutz@hauptstein.de<\/a>.<br><\/p>\n\n\n\n<p><strong>1. visp\u0101r\u012bga inform\u0101cija un oblig\u0101t\u0101 inform\u0101cija<\/strong><\/p>\n\n\n\n<p><strong>Atbild\u012bg\u0101 iest\u0101de<\/strong><br>Atbild\u012bg\u0101 iest\u0101de datu aizsardz\u012bbas ties\u012bbu aktu (Datu aizsardz\u012bbas pamatregulas un Feder\u0101l\u0101 datu aizsardz\u012bbas likuma) izpratn\u0113 ir<br><br>XXLKW Secure Parking Elbebr\u00fccke GmbH<br>Raiffeisenallee 6a<br>82041 Oberhaching<br>T\u0101lrunis: 089 \/ 665197-0<br>Fakss: 089 \/ 665197-70<br>Papildu inform\u0101cijai skatiet izdruku.<\/p>\n\n\n\n<p><strong>Datu aizsardz\u012bbas inspektors<\/strong><br>XXLKW Secure Parking Elbebr\u00fccke GmbH ir iec\u0113lusi msecure GmbH par \u0101r\u0113jo datu aizsardz\u012bbas inspektoru. J\u016bs varat sazin\u0101ties ar datu aizsardz\u012bbas inspektoru, rakstot uz <a href=\"mailto:goetz.blechschmidt@msecure.de\">goetz.blechschmidt@msecure.de<\/a>.<\/p>\n\n\n\n<p><strong>Datu apstr\u0101des m\u0113r\u0137i<\/strong><br>XXLKW Secure Parking Elbebr\u00fccke GmbH ir pakalpojumu sniedz\u0113js galvenok\u0101rt vid\u0113ja lieluma uz\u0146\u0113mumiem. Personas dati parasti rodas, sazinoties ar kontaktperson\u0101m vai nodarbinot darbiniekus. Veicot savu darb\u012bbu, m\u0113s varam saskarties ar m\u016bsu klientu un vi\u0146u klientu personas datiem. \u0160\u0101dus datus m\u0113s apstr\u0101d\u0101jam, iev\u0113rojot konfidencialit\u0101ti un diskr\u0113tumu.<\/p>\n\n\n\n<p>XXLKW Secure Parking Elbebr\u00fccke GmbH apstr\u0101d\u0101 personas un ar personu saist\u012btus datus, lai var\u0113tu pied\u0101v\u0101t un sniegt pakalpojumus, apstr\u0101d\u0101t un izrakst\u012bt r\u0113\u0137inus par pas\u016bt\u012bjumiem, sl\u0113gt un izpild\u012bt l\u012bgumus, izpild\u012bt juridisk\u0101s saist\u012bbas, veikt uz\u0146\u0113m\u0113jdarb\u012bbas un statistikas nov\u0113rt\u0113jumus, apstr\u0101d\u0101t darba pieteikumus, sniegt inform\u0101ciju un \u012bstenot dro\u0161\u012bbas pas\u0101kumus. T\u0101d\u0113j\u0101di personas datu apstr\u0101de atbilst Visp\u0101r\u012bgaj\u0101 datu aizsardz\u012bbas regul\u0101 (VDAR) noteiktaj\u0101m datu aizsardz\u012bbas ties\u012bb\u0101m, t. i., parasti pamatojoties uz m\u016bsu likum\u012bgaj\u0101m interes\u0113m, lai izpild\u012btu juridisk\u0101s saist\u012bbas vai attiec\u012bg\u0101 gad\u012bjum\u0101 izpild\u012btu l\u012bgumus ar fizisk\u0101m person\u0101m. Ja m\u0113s apstr\u0101d\u0101sim personas datus \u0101rpus iepriek\u0161 min\u0113tajiem apst\u0101k\u013ciem, tas tiks dar\u012bts, pamatojoties uz piekri\u0161anu.<\/p>\n\n\n\n<p>M\u0113s neapstr\u0101d\u0101jam personas datus vair\u0101k, nek\u0101 tas ir nepiecie\u0161ams. Jo \u012bpa\u0161i m\u0113s nep\u0101rdodam personas datus tre\u0161\u0101m person\u0101m.<\/p>\n\n\n\n<p><strong>Personas datu raksturs<\/strong><\/p>\n\n\n\n<ul class=\"wp-block-list\">\n<li>No klientiem un ieinteres\u0113taj\u0101m person\u0101m: Adreses un kontaktinform\u0101cijas dati, l\u012bguma dati, dati par produktu un pakalpojumu ieg\u0101di, dati par nor\u0113\u0137iniem, dati par interesi par pakalpojumiem.<\/li>\n\n\n\n<li>No m\u016bsu klientu un sadarb\u012bbas partneru darbiniekiem: adrese un kontaktinform\u0101cija.<\/li>\n\n\n\n<li>No m\u016bsu darbiniekiem: Adreses dati, kontaktinform\u0101cija, bankas dati, personas dati<\/li>\n\n\n\n<li>No pieteikuma iesniedz\u0113jiem: adrese, kontaktinform\u0101cija un sniegtie personas dati.<\/li>\n\n\n\n<li>no sadarb\u012bbas partneriem un pieg\u0101d\u0101t\u0101jiem: Adreses dati, kontaktinform\u0101cija, l\u012bguma dati<\/li>\n\n\n\n<li>No vietnes apmekl\u0113t\u0101jiem: Lieto\u0161anas dati, kontaktinform\u0101cija (ja sniegta br\u012bvpr\u0101t\u012bgi).<\/li>\n<\/ul>\n\n\n\n<p><strong>Personas datu izcelsme<\/strong><br>XXLKW Secure Parking Elbebr\u00fccke GmbH datus parasti ieg\u016bst tie\u0161i no attiec\u012bg\u0101s personas. Da\u017eos gad\u012bjumos personas datus mums nos\u016bta klienti, sadarb\u012bbas partneri vai valsts iest\u0101des.<\/p>\n\n\n\n<p><strong>Personas datu izpau\u0161ana<\/strong><br>Da\u017ek\u0101rt datu apstr\u0101dei m\u0113s izmantojam partnerus un apak\u0161uz\u0146\u0113m\u0113jus. Parasti par to atbild XXLKW Secure Parking Elbebr\u00fccke GmbH. Lai apstr\u0101d\u0101tu m\u016bsu procesus vai izpild\u012btu juridiskos pien\u0101kumus, var b\u016bt nepiecie\u0161ams personas datus nodot:<\/p>\n\n\n\n<ul class=\"wp-block-list\">\n<li>valsts iest\u0101des, kas sa\u0146em datus, pamatojoties uz normat\u012bvajiem aktiem (piem\u0113ram, valsts iest\u0101des, soci\u0101l\u0101s apdro\u0161in\u0101\u0161anas iest\u0101des, ties\u012bbaizsardz\u012bbas iest\u0101des).<\/li>\n\n\n\n<li>iek\u0161\u0113j\u0101s strukt\u016brvien\u012bbas, kas iesaist\u012btas uz\u0146\u0113m\u0113jdarb\u012bbas procesu izpild\u0113 (piem\u0113ram, cilv\u0113kresursi, gr\u0101matved\u012bba, p\u0101rdo\u0161ana, IT).<\/li>\n\n\n\n<li>\u0100r\u0113j\u0101s strukt\u016bras, kas iesaist\u012btas uz\u0146\u0113m\u0113jdarb\u012bbas procesu apstr\u0101d\u0113 (pakalpojumu sniedz\u0113ji un apak\u0161uz\u0146\u0113m\u0113ji, piem\u0113ram, rekl\u0101mas a\u0123ent\u016bras, IT pakalpojumu sniedz\u0113ji, nodok\u013cu konsultanti, sadarb\u012bbas partneri).<\/li>\n<\/ul>\n\n\n\n<p>Ja dati tiek nodoti pilnvarotajiem apstr\u0101d\u0101t\u0101jiem saska\u0146\u0101 ar pilnvarojuma apstr\u0101des l\u012bgumu, tas vienm\u0113r tiek dar\u012bts saska\u0146\u0101 ar datu aizsardz\u012bbas ties\u012bbu aktiem. M\u0113s esam nosl\u0113gu\u0161i l\u012bgumus ar \u0161iem uz\u0146\u0113mumiem, kas mums pie\u0161\u0137ir nor\u0101d\u012bjumu un kontroles ties\u012bbas attiec\u012bb\u0101 uz datiem. Tie ar\u012b uzliek apstr\u0101d\u0101t\u0101jiem pien\u0101kumu veikt piem\u0113rotus tehniskus un organizatoriskus pas\u0101kumus un iev\u0113rot datu aizsardz\u012bbas ties\u012bbu aktus.<\/p>\n\n\n\n<p><strong>Personas datu glab\u0101\u0161anas periods<\/strong><br>Ja vien \u0161aj\u0101 konfidencialit\u0101tes politik\u0101 nav skaidri nor\u0101d\u012bts, j\u016bsu personas dati tiks dz\u0113sti vai blo\u0137\u0113ti, tikl\u012bdz to glab\u0101\u0161anas m\u0113r\u0137is vairs neb\u016bs sp\u0113k\u0101, ja vien to turpm\u0101ka glab\u0101\u0161ana nav nepiecie\u0161ama pier\u0101d\u012bjumu snieg\u0161anas nol\u016bkos vai ja dz\u0113\u0161anu neaizliedz juridiski noteiktie glab\u0101\u0161anas pien\u0101kumi. Tas ietver, piem\u0113ram, nodok\u013cu ties\u012bbu aktos noteikt\u0101s glab\u0101\u0161anas saist\u012bbas (10 gadi). Kad noteiktais glab\u0101\u0161anas periods b\u016bs beidzies, j\u016bsu dati tiks blo\u0137\u0113ti vai dz\u0113sti, iz\u0146emot gad\u012bjumus, kad glab\u0101\u0161ana joproj\u0101m ir nepiecie\u0161ama l\u012bguma nosl\u0113g\u0161anai vai ties\u012bbu \u012bsteno\u0161anai.<\/p>\n\n\n\n<p><strong>Sazinieties, izmantojot kontaktformu \/ e-pastu \/ faksu \/ pastu<\/strong><br>Sazinoties ar mums, izmantojot kontaktformu, faksu, pa pastu vai e-pastu, j\u016bsu dati tiks apstr\u0101d\u0101ti, lai apstr\u0101d\u0101tu piepras\u012bjumu. Mums ir le\u0123it\u012bmas intereses apstr\u0101d\u0101t un uzglab\u0101t \u0161\u0101dus datus, lai var\u0113tu atbild\u0113t uz lietot\u0101ju jaut\u0101jumiem, saglab\u0101t pier\u0101d\u012bjumus atbild\u012bbas apsv\u0113rumu d\u0113\u013c un, ja nepiecie\u0161ams, lai var\u0113tu izpild\u012bt likum\u0101 noteiktos datu glab\u0101\u0161anas pien\u0101kumus attiec\u012bb\u0101 uz biznesa v\u0113stul\u0113m.<\/p>\n\n\n\n<p>M\u0113s varam saglab\u0101t j\u016bsu inform\u0101ciju un kontakta piepras\u012bjumu m\u016bsu klientu un pas\u016bt\u012bjumu p\u0101rvald\u012bbas sist\u0113m\u0101s. M\u0113s uzglab\u0101jam lietot\u0101ju, ar kuru uz\u0146\u0113mumiem mums ir l\u012bgumattiec\u012bbas, piepras\u012bjumus divus gadus p\u0113c l\u012bguma izbeig\u0161anas. Juridisko arhiv\u0113\u0161anas pien\u0101kumu gad\u012bjum\u0101 dz\u0113\u0161ana notiek p\u0113c to termi\u0146a beig\u0101m; nodok\u013cu ties\u012bbu aktu saglab\u0101\u0161anas pien\u0101kumu gad\u012bjum\u0101 tas ir 10 gadi. Citos gad\u012bjumos m\u0113s dz\u0113\u0161am datus, tikl\u012bdz m\u0113r\u0137is ir sasniegts, t. i., attiec\u012bg\u0101 saruna ar jums ir beigusies, jo attiec\u012bgie fakti ir gal\u012bgi noskaidroti.<\/p>\n\n\n\n<p>Piez\u012bme par e-pasta zi\u0146ojumiem un e-pasta lietojumprogramm\u0101m<\/p>\n\n\n\n<p>L\u016bdzu, \u0146emiet v\u0113r\u0101, ka ne\u0161ifr\u0113ti e-pasti un e-pasta lietojumprogrammas, kas nos\u016bt\u012btas, izmantojot internetu, nav pietiekami aizsarg\u0101tas pret nesankcion\u0113tu tre\u0161o personu piek\u013cuvi.<\/p>\n\n\n\n<p><strong>Datu aizsardz\u012bba pieteikumos un pieteik\u0161an\u0101s proces\u0101<\/strong><br>Elektroniski vai pa pastu nos\u016bt\u012btie pieteikumi tiks apstr\u0101d\u0101ti elektroniski vai manu\u0101li, lai apstr\u0101d\u0101tu pieteik\u0161an\u0101s procesu.<\/p>\n\n\n\n<p>Ja j\u016bsu pieteikuma dokumentos ir iek\u013cautas &#8220;\u012bpa\u0161as personas datu kategorijas&#8221; (piem\u0113ram, fotogr\u0101fija, inform\u0101cija par reli\u0123isko pieder\u012bbu vai \u0123imenes st\u0101vokli), j\u016bs \u0161os datus izpau\u017eat p\u0113c savas br\u012bvas gribas, iz\u0146emot gad\u012bjumus, kad jums ir smaga invalidit\u0101te. J\u016bs varat iesniegt pieteikumu bez \u0161iem datiem, un tas neietekm\u0113s j\u016bsu iesp\u0113jas pieteikties.<\/p>\n\n\n\n<p>Apstr\u0101des juridiskais pamats ir l\u012bgumu izpilde, kas \u0161aj\u0101 gad\u012bjum\u0101 ietver ar\u012b piem\u0113rot\u012bbas vakancei nov\u0113rt\u0113\u0161anu.<\/p>\n\n\n\n<p>Ja p\u0113c pieteikuma iesnieg\u0161anas procesa pabeig\u0161anas ar jums tiks nodibin\u0101tas darba attiec\u012bbas, j\u016bsu pieteikuma dati tiks p\u0101rs\u016bt\u012bti uz person\u0101la lietu un glab\u0101ti saska\u0146\u0101 ar attiec\u012bgajiem datu aizsardz\u012bbas noteikumiem. Ja p\u0113c pieteikuma iesnieg\u0161anas procesa beig\u0101m jums netiek pied\u0101v\u0101ts darbs, j\u016bsu iesniegt\u0101 pieteikuma v\u0113stule un dokumenti tiks dz\u0113sti 6 m\u0113ne\u0161us p\u0113c atteikuma nos\u016bt\u012b\u0161anas, lai var\u0113tu izpild\u012bt visas pras\u012bbas un pier\u0101d\u012bjumu iesnieg\u0161anas pien\u0101kumus saska\u0146\u0101 ar AGG.<\/p>\n<\/div><\/div>\n<\/div>\n\n\n\n<div class=\"wp-block-column is-layout-flow wp-block-column-is-layout-flow\">\n<p><br><strong>2. t\u012bmek\u013ca vietne un soci\u0101lie mediji<\/strong><\/p>\n\n\n\n<p><strong>Re\u0123istr\u0113\u0161ana (servera \u017eurn\u0101lu faili)<\/strong><br>Kad apmekl\u0113jat m\u016bsu vietnes, m\u016bsu t\u012bmek\u013ca serveri re\u0123istr\u0113 noteiktu inform\u0101ciju, ko p\u0101rl\u016bkprogramma nos\u016bta kop\u0101 ar piepras\u012bjumu. Tie ir j\u016bsu izmantot\u0101 IP adrese vai j\u016bsu interneta pakalpojumu sniedz\u0113js, inform\u0101cija par izmantoto p\u0101rl\u016bkprogrammu (tips, valoda, versija) un oper\u0113t\u0101jsist\u0113mu, k\u0101 ar\u012b t\u012bmek\u013ca vietne, no kuras j\u016bs m\u016bs apmekl\u0113jat.<\/p>\n\n\n\n<p>\u0160\u012b inform\u0101cija ir nepiecie\u0161ama, lai pareizi sniegtu m\u016bsu vietnes saturu un nodro\u0161in\u0101tu m\u016bsu vietnes tehnolo\u0123ijas funkcionalit\u0101ti. Turkl\u0101t tie tiek izmantoti, lai aizsarg\u0101tos pret uzbrukumu m\u0113\u0123in\u0101jumiem m\u016bsu t\u012bmek\u013ca serveriem, tostarp, lai sniegtu inform\u0101ciju iest\u0101d\u0113m ties\u012bbaizsardz\u012bbas nol\u016bkos. Juridiskais pamats tam ir m\u016bsu le\u0123it\u012bm\u0101s intereses saist\u012bb\u0101 ar iepriek\u0161 min\u0113tajiem m\u0113r\u0137iem. P\u0113c 7 dien\u0101m \u017eurn\u0101la dati tiek dz\u0113sti. \u0160ie dati nav apvienoti ar citiem datu avotiem.<\/p>\n\n\n\n<p><strong>S\u012bkfailu izmanto\u0161ana<\/strong><br>Interneta lap\u0101s da\u013c\u0113ji tiek izmantotas t\u0101 saukt\u0101s s\u012bkdatnes. S\u012bkfaili nerada kait\u0113jumu j\u016bsu datoram un nesatur v\u012brusus. S\u012bkfaili tiek izmantoti, lai padar\u012btu m\u016bsu vietni lietot\u0101jam draudz\u012bg\u0101ku, efekt\u012bv\u0101ku un dro\u0161\u0101ku.<\/p>\n\n\n\n<p>S\u012bkfaili ir mazi teksta faili, ko p\u0101rl\u016bkprogramma saglab\u0101 j\u016bsu dator\u0101.<\/p>\n\n\n\n<p>Liel\u0101k\u0101 da\u013ca m\u016bsu izmantoto s\u012bkfailu ir t\u0101 sauktie sesijas s\u012bkfaili. Apmekl\u0113juma beig\u0101s tie tiek autom\u0101tiski dz\u0113sti. Citas s\u012bkdatnes saglab\u0101jas j\u016bsu galiek\u0101rt\u0101, l\u012bdz t\u0101s tiek dz\u0113stas. \u0160\u012bs s\u012bkdatnes \u013cauj mums atpaz\u012bt j\u016bsu p\u0101rl\u016bkprogrammu n\u0101kam\u0101 apmekl\u0113juma laik\u0101.<\/p>\n\n\n\n<p>J\u016bs varat iestat\u012bt p\u0101rl\u016bkprogrammu t\u0101, lai j\u016bs tiktu inform\u0113ts par s\u012bkfailu iestat\u012b\u0161anu un at\u013cautu s\u012bkfailus tikai atsevi\u0161\u0137os gad\u012bjumos, izsl\u0113gt s\u012bkfailu pie\u0146em\u0161anu noteiktos gad\u012bjumos vai visp\u0101r un aktiviz\u0113t autom\u0101tisku s\u012bkfailu dz\u0113\u0161anu, aizverot p\u0101rl\u016bkprogrammu. Ja s\u012bkfaili tiek deaktiviz\u0113ti, \u0161\u012bs vietnes funkcionalit\u0101te var b\u016bt ierobe\u017eota.<\/p>\n\n\n\n<p>M\u0113s glab\u0101jam un apstr\u0101d\u0101jam s\u012bkfailus, kas nepiecie\u0161ami, lai veiktu elektronisko sazi\u0146u vai nodro\u0161in\u0101tu noteiktas funkcijas, pamatojoties uz m\u016bsu le\u0123it\u012bmaj\u0101m interes\u0113m tehniski bez k\u013c\u016bd\u0101m un optimiz\u0113ti sniegt savus pakalpojumus. Cikt\u0101l tiek saglab\u0101tas citas s\u012bkdatnes (piem\u0113ram, s\u012bkdatnes, lai analiz\u0113tu j\u016bsu s\u0113rfo\u0161anas paradumus), t\u0101s \u0161aj\u0101 datu aizsardz\u012bbas deklar\u0101cij\u0101 ir apl\u016bkotas atsevi\u0161\u0137i.<\/p>\n\n\n\n<p><strong>Borlabs s\u012bkfailu piekri\u0161anas r\u012bks<\/strong><br>\u0160\u012b t\u012bmek\u013ca vietne izmanto Borlabs s\u012bkfailu, kas nosaka tehniski nepiecie\u0161amo s\u012bkfailu<em>(borlabs-cookie<\/em>), lai saglab\u0101tu j\u016bsu s\u012bkfailu piekri\u0161anu.<\/p>\n\n\n\n<p>Borlabs Cookie neapstr\u0101d\u0101 nek\u0101dus personas datus.<\/p>\n\n\n\n<p> <em>Borlabs-cookie<\/em> s\u012bkfails saglab\u0101 piekri\u0161anu, ko esat devis, ieejot t\u012bmek\u013ca vietn\u0113. Ja v\u0113laties atsaukt \u0161\u012bs piekri\u0161anas, vienk\u0101r\u0161i dz\u0113siet s\u012bkfailu sav\u0101 p\u0101rl\u016bkprogramm\u0101. Kad atk\u0101rtoti ieejat\/atk\u0101rtoti iel\u0101d\u0113siet t\u012bmek\u013ca vietni, jums v\u0113lreiz tiks l\u016bgts sniegt piekri\u0161anu s\u012bkfailu izmanto\u0161anai. S\u012bkfailu iestat\u012bjumus jebkur\u0101 laik\u0101 varat main\u012bt ar\u012b \u0161eit:  [borlabs-cookie type=&#8221;btn-cookie-preference&#8221; title=&#8221;Main\u012bt s\u012bkfailu iestat\u012bjumus&#8221; element=&#8221;link&#8221; \/]<\/p>\n\n\n\n<p><strong>Fontu Myfonts izmanto\u0161ana<\/strong> <br>\u0160aj\u0101 vietn\u0113 tiek izmantoti fonti MyFonts. Tie ir fonti, kas tiek iel\u0101d\u0113ti j\u016bsu p\u0101rl\u016bkprogramm\u0101, kad apmekl\u0113jat m\u016bsu vietni, lai nodro\u0161in\u0101tu vienotu fontu, par\u0101dot vietni. Pakalpojumu sniedz\u0113js ir Monotype Imaging Holdings Inc, 600 Unicorn Park Drive, Woburn, Massachusetts 01801, ASV. Lai p\u0101rbaud\u012btu atbilst\u012bbu licences nosac\u012bjumiem un ikm\u0113ne\u0161a lapu skat\u012bjumu skaitu, MyFonts p\u0101rs\u016bta j\u016bsu IP adresi kop\u0101 ar m\u016bsu vietnes URL un m\u016bsu l\u012bguma datiem uz saviem serveriem ASV. Saska\u0146\u0101 ar Monotype sniegto inform\u0101ciju j\u016bsu IP adrese tiks dz\u0113sta uzreiz p\u0113c p\u0101rs\u016bt\u012b\u0161anas.<br>anonimiz\u0113ti t\u0101, lai vairs neb\u016btu iesp\u0113jams atsaukties uz personu (anonimiz\u0101cija).<br><br>S\u012bk\u0101ku inform\u0101ciju skatiet Monotype konfidencialit\u0101tes politik\u0101, kas atrodama vietn\u0113<br>https:\/\/www.monotype.com\/<br><\/p>\n\n\n\n<p><strong>Google Maps<\/strong> <br>\u0160aj\u0101 vietn\u0113 tiek izmantots kar\u0161u pakalpojums Google Maps. Pakalpojumu sniedz\u0113js ir Google Ireland Limited (&#8220;Google&#8221;), Gordons.<br>House, Barrow Street, Dublin 4, \u012arija.<br>Lai izmantotu Google Maps funkcijas, ir nepiecie\u0161ams saglab\u0101t savu IP adresi. \u0160is<br>Inform\u0101cija parasti tiek p\u0101rs\u016bt\u012bta uz Google serveri ASV, kur t\u0101 tiek saglab\u0101ta.<br>\u0160\u012bs vietnes pakalpojumu sniedz\u0113jam nav nek\u0101das ietekmes uz \u0161o datu p\u0101rraidi. Kad ir aktiviz\u0113tas Google Maps,<br>Google var izmantot Google Fonts vienveid\u012bgas fontu att\u0113lo\u0161anas nol\u016bkos. vietn\u0113<br>Kad izsaucat Google Maps, p\u0101rl\u016bkprogramma p\u0101rl\u016bka ke\u0161atmi\u0146\u0101 iel\u0101d\u0113 nepiecie\u0161amos t\u012bmek\u013ca fontus, lai par\u0101d\u012btu tekstu un.<br>Pareizi par\u0101d\u012bt fontus.<br>Google Maps tiek izmantotas, lai nodro\u0161in\u0101tu pievilc\u012bgu m\u016bsu tie\u0161saistes kl\u0101tb\u016btnes atspogu\u013cojumu.<br>pied\u0101v\u0101jumus un atvieglotu t\u012bmek\u013ca vietn\u0113 nor\u0101d\u012bto vietu atra\u0161anu. Tas noz\u012bm\u0113.<br>le\u0123it\u012bmas intereses 6. panta 6. punkta izpratn\u0113. 1 litrs. f VDAR. ar nosac\u012bjumu, ka atbilst\u012bgs<br>Ja ir piepras\u012bta piekri\u0161ana, apstr\u0101de tiek veikta, pamatojoties tikai uz 6. panta 6. punktu. 1 litrs. a<br>DSGVO un 25. panta 2. punkts. 1 TTDSG, cikt\u0101l piekri\u0161ana \u013cauj saglab\u0101t s\u012bkfailus vai piek\u013c\u016bt<br>inform\u0101ciju lietot\u0101ja galiek\u0101rt\u0101 (piem\u0113ram, ier\u012bces pirkstu nospiedumus) TTDSG izpratn\u0113. Port\u0101ls<br>Piekri\u0161anu var atsaukt jebkur\u0101 laik\u0101.<br>Datu p\u0101rs\u016bt\u012b\u0161ana uz ASV notiek, pamatojoties uz ES Komisijas standarta l\u012bguma klauzul\u0101m.<br>S\u012bk\u0101ka inform\u0101cija atrodama \u0161eit:<br><a href=\"https:\/\/privacy.google.com\/businesses\/gdprcontrollerterms\/\">https:\/\/privacy.google.com\/businesses\/gdprcontrollerterms\/<\/a> un<br><a href=\"https:\/\/privacy.google.com\/businesses\/gdprcontrollerterms\/sccs\/\">https:\/\/privacy.google.com\/businesses\/gdprcontrollerterms\/sccs\/<\/a>.<br>Vair\u0101k inform\u0101cijas par lietot\u0101ju datu apstr\u0101di varat atrast Google konfidencialit\u0101tes politik\u0101:<br><a href=\"https:\/\/policies.google.com\/privacy?hl=de\">https:\/\/policies.google.com\/privacy?hl=de<\/a>.<\/p>\n\n\n\n<p><strong>kl\u0101tb\u016btne soci\u0101lajos pla\u0161sazi\u0146as l\u012bdzek\u013cos<\/strong><\/p>\n\n\n\n<ol class=\"wp-block-list\">\n<li>M\u0113s uzturam profilus vai fanu lapas soci\u0101lajos pla\u0161sazi\u0146as l\u012bdzek\u013cos, lai sazin\u0101tos ar lietot\u0101jiem, kas tur ir saist\u012bti un re\u0123istr\u0113ti, un sniegtu inform\u0101ciju par m\u016bsu produktiem, pied\u0101v\u0101jumiem un pakalpojumiem. ASV pakalpojumu sniedz\u0113ji ir sertific\u0113ti saska\u0146\u0101 ar t\u0101 saukto Priv\u0101tuma vairogu, un t\u0101d\u0113j\u0101di tiem ir pien\u0101kums iev\u0113rot Eiropas datu aizsardz\u012bbas pras\u012bbas. Ja j\u016bs izmantojat m\u016bsu profilu un piek\u013c\u016bstat tam attiec\u012bgaj\u0101 t\u012bkl\u0101, tiek piem\u0113rota attiec\u012bg\u0101 attiec\u012bg\u0101 t\u012bkla datu aizsardz\u012bbas inform\u0101cija un lieto\u0161anas noteikumi.<\/li>\n\n\n\n<li>M\u0113s apstr\u0101d\u0101jam datus, ko mums nos\u016bt\u0101t, izmantojot \u0161os t\u012bklus, lai sazin\u0101tos ar jums un atbild\u0113tu uz j\u016bsu zi\u0146ojumiem \u0161ajos t\u012bklos.<\/li>\n\n\n\n<li>Personas datu apstr\u0101des juridiskais pamats ir m\u016bsu le\u0123it\u012bm\u0101s intereses sazin\u0101ties ar lietot\u0101jiem un m\u016bsu \u0101r\u0113j\u0101 prezent\u0101cija rekl\u0101mas nol\u016bkos saska\u0146\u0101 ar 6. panta 6. punktu. 1 S. 1 lit. f) GDPR. Cikt\u0101l esat devis par soci\u0101lo t\u012bklu atbild\u012bgajai personai piekri\u0161anu savu personas datu apstr\u0101dei, juridiskais pamats ir 6. panta 6. punkts. 1 S. 1 lit. Attiec\u012bgo t\u012bklu pazi\u0146ojumus par datu aizsardz\u012bbu, inform\u0113\u0161anas iesp\u0113jas un iebildumu iesp\u0113jas (atteik\u0161an\u0101s) varat atrast \u0161eit:\n<ul class=\"wp-block-list\">\n<li>Facebook (Facebook Ireland Ltd., 4 Grand Canal Square, Grand Canal Harbour, Grand Canal Harbour, Dublin 2, \u012arija) Konfidencialit\u0101tes politika: <a href=\"https:\/\/www.facebook.com\/about\/privacy\/\">https:\/\/www.facebook.com\/about\/privacy\/,<\/a> Atteik\u0161an\u0101s: <a href=\"https:\/\/www.facebook.com\/settings?tab=ads\">https:\/\/www.facebook.com\/settings?tab=ads un<\/a> http:\/\/www.youron <a href=\"http:\/\/www.youronlinechoices.com\">linechoices.com,<\/a> Priv\u0101tuma vairogs: <a href=\"https:\/\/www.privacyshield.gov\/participant?id=a2zt0000000GnywAAC&amp;status=Active\">https:\/\/www.privacyshield.gov\/participant?id=a2zt0000000GnywAAC&amp;status=Active<\/a>.<\/li>\n<\/ul>\n<\/li>\n<\/ol>\n\n\n\n<p><strong>SSL vai TLS \u0161ifr\u0113\u0161ana<\/strong><br>Lai aizsarg\u0101tu mums p\u0101rs\u016bt\u012btos datus un nodro\u0161in\u0101tu, ka ne tikai m\u0113s, bet ar\u012b m\u016bsu \u0101r\u0113jo pakalpojumu sniedz\u0113ji iev\u0113ro datu aizsardz\u012bbas noteikumus, esam veiku\u0161i atbilsto\u0161us tehniskos un organizatoriskos dro\u0161\u012bbas pas\u0101kumus. T\u0101p\u0113c, cita starp\u0101, visi dati starp j\u016bsu p\u0101rl\u016bkprogrammu un m\u016bsu serveri tiek p\u0101rs\u016bt\u012bti, izmantojot dro\u0161u SSL vai SSL protokolu. TLS \u0161ifr\u0113\u0161ana. \u0160ifr\u0113tu savienojumu var atpaz\u012bt p\u0113c t\u0101, ka p\u0101rl\u016bkprogrammas adreses rindi\u0146\u0101 main\u0101s &#8220;http:\/\/&#8221; uz &#8220;https:\/\/&#8221;, un p\u0113c blo\u0137\u0113\u0161anas simbola p\u0101rl\u016bkprogrammas rind\u0101. Ja ir aktiviz\u0113ta SSL vai TLS \u0161ifr\u0113\u0161ana, datus, ko mums p\u0101rs\u016bt\u0101t, tre\u0161\u0101s personas nevar nolas\u012bt.<\/p>\n\n\n\n<p><strong>3. j\u016bsu ties\u012bbas<\/strong><\/p>\n\n\n\n<p>Saska\u0146\u0101 ar Visp\u0101r\u012bgo datu aizsardz\u012bbas regulu (GDPR) jums ir \u0161\u0101das ties\u012bbas:<\/p>\n\n\n\n<ul class=\"wp-block-list\">\n<li>piepras\u012bt inform\u0101ciju par j\u016bsu personas datiem, ko m\u0113s apstr\u0101d\u0101jam saska\u0146\u0101 ar DSGVO 15. pantu. Tas ietver apstr\u0101des nol\u016bkus, personas datu kategoriju, datu sa\u0146\u0113m\u0113ju kategorijas, pl\u0101noto glab\u0101\u0161anas periodu, datu izcelsmi, k\u0101 ar\u012b automatiz\u0113tas l\u0113mumu pie\u0146em\u0161anas (profil\u0113\u0161anas) esam\u012bbu;<\/li>\n\n\n\n<li>piepras\u012bt labot nepareizus vai nepiln\u012bgus m\u016bsu glab\u0101tos personas datus saska\u0146\u0101 ar DSGVO 16. pantu;<\/li>\n\n\n\n<li>saska\u0146\u0101 ar DSGVO 17. pantu piepras\u012bt dz\u0113st j\u016bsu personas datus, ko m\u0113s glab\u0101jam, iz\u0146emot gad\u012bjumus, kad apstr\u0101de ir nepiecie\u0161ama, lai \u012bstenotu ties\u012bbas uz v\u0101rda br\u012bv\u012bbu un inform\u0101ciju, izpild\u012btu juridisku pien\u0101kumu, sabiedr\u012bbas intere\u0161u d\u0113\u013c vai lai izvirz\u012btu, \u012bstenotu vai aizst\u0101v\u0113tu juridiskas pras\u012bbas;<\/li>\n\n\n\n<li>Saska\u0146\u0101 ar DSGVO 18. pantu pieprasiet ierobe\u017eot savu personas datu apstr\u0101di, ja: apstr\u012bdat datu precizit\u0101ti; apstr\u0101de ir nelikum\u012bga un j\u016bs atsak\u0101ties dz\u0113st savus datus; mums vairs nav nepiecie\u0161ami j\u016bsu dati, bet tie ir nepiecie\u0161ami, lai \u012bstenotu juridiskas pras\u012bbas; esat iebildis pret apstr\u0101di, kam\u0113r v\u0113l nav noteikts, vai m\u016bsu le\u0123it\u012bmais pamatojums ir svar\u012bg\u0101ks par j\u016bsu pamatojumu.<\/li>\n\n\n\n<li>saska\u0146\u0101 ar DSGVO 20. pantu sa\u0146emt savus personas datus, ko esat mums sniedzis, struktur\u0113t\u0101, kop\u012bg\u0101 un ma\u0161\u012bnlas\u0101m\u0101 form\u0101t\u0101 vai piepras\u012bt, lai tie tiktu nos\u016bt\u012bti citam p\u0101rzinim;<\/li>\n\n\n\n<li>saska\u0146\u0101 ar 7. panta 7. punktu. 3 DSGVO jebkur\u0101 laik\u0101 atsaukt mums sniegto piekri\u0161anu. T\u0101 rezult\u0101t\u0101 m\u0113s vairs nevaram turpin\u0101t datu apstr\u0101di, pamatojoties uz \u0161o piekri\u0161anu;<\/li>\n\n\n\n<li>iebilst pret savu personas datu apstr\u0101di saska\u0146\u0101 ar DSGVO 21. pantu. Ja j\u016bsu iebildums ir v\u0113rsts pret tie\u0161o rekl\u0101mu, m\u0113s to nekav\u0113joties \u012bstenosim. Ja j\u016bsu datu apstr\u0101des pamat\u0101 ir Albert Hauptstein Bauunternehmung e. K. vai tre\u0161\u0101s personas likum\u012bg\u0101s intereses un j\u016bsu iebildums ir pamatots ar j\u016bsu konkr\u0113to situ\u0101ciju, m\u0113s to izpild\u012bsim, ja vien nepast\u0101v likum\u012bgi apstr\u0101des iemesli, kas ir svar\u012bg\u0101ki par j\u016bsu interes\u0113m, vai ja j\u016bsu dati mums ir nepiecie\u0161ami, lai \u012bstenotu juridiskas pras\u012bbas.<\/li>\n\n\n\n<li>iesniegt s\u016bdz\u012bbu uzraudz\u012bbas iest\u0101dei saska\u0146\u0101 ar DSGVO 77. pantu. Ja uzskat\u0101t, ka neesam pien\u0101c\u012bgi iev\u0113roju\u0161i j\u016bsu ties\u012bbas un savus pien\u0101kumus saska\u0146\u0101 ar VDAR, jums ir ties\u012bbas iesniegt s\u016bdz\u012bbu kompetentai datu aizsardz\u012bbas iest\u0101dei. Par mums atbild\u012bg\u0101 iest\u0101de ir Bav\u0101rijas Valsts datu aizsardz\u012bbas uzraudz\u012bbas birojs Ansbah\u0101, <a href=\"https:\/\/www.lda.bayern.de\/de\/beschwerde.html\">www<\/a>.lda.bayern.de\/de\/beschwerde.html;<br>Iesp\u0113jams, m\u0113s nevar\u0113sim piln\u012bb\u0101 iev\u0113rot visas ties\u012bbas, piem\u0113ram, juridisko pras\u012bbu d\u0113\u013c. Ja \u0161\u0101d\u0101 gad\u012bjum\u0101 mums n\u0101ksies piln\u012bb\u0101 vai da\u013c\u0113ji noraid\u012bt j\u016bsu pieteikumu, m\u0113s j\u016bs inform\u0113sim par noraid\u012bjuma iemesliem.<\/li>\n<\/ul>\n\n\n\n<p><\/p>\n<\/div>\n<\/div>\n<\/div>\n<\/div><\/div>\n<\/div>\n<\/div>\n<\/div><\/div>\n<\/div>\n<\/div>\n\n\n\n<div style=\"height:80px\" aria-hidden=\"true\" class=\"wp-block-spacer\"><\/div>\n","protected":false},"excerpt":{"rendered":"<p>Datu aizsardz\u012bba<\/p>\n","protected":false},"author":1,"featured_media":0,"parent":0,"menu_order":0,"comment_status":"closed","ping_status":"closed","template":"","meta":{"_kad_blocks_custom_css":"","_kad_blocks_head_custom_js":"","_kad_blocks_body_custom_js":"","_kad_blocks_footer_custom_js":"","_kad_post_transparent":"","_kad_post_title":"","_kad_post_layout":"","_kad_post_sidebar_id":"","_kad_post_content_style":"","_kad_post_vertical_padding":"","_kad_post_feature":"","_kad_post_feature_position":"","_kad_post_header":false,"_kad_post_footer":false,"footnotes":""},"class_list":["post-2580","page","type-page","status-publish","hentry"],"yoast_head":"<!-- This site is optimized with the Yoast SEO plugin v27.3 - https:\/\/yoast.com\/product\/yoast-seo-wordpress\/ -->\n<title>Datu aizsardz\u012bba - XXLKW Secure Parking Elbebr\u00fccke A9<\/title>\n<meta name=\"robots\" content=\"noindex, nofollow\" \/>\n<meta property=\"og:locale\" content=\"lv_LV\" \/>\n<meta property=\"og:type\" content=\"article\" \/>\n<meta property=\"og:title\" content=\"Datu aizsardz\u012bba - XXLKW Secure Parking Elbebr\u00fccke A9\" \/>\n<meta property=\"og:description\" content=\"Datu aizsardz\u012bba\" \/>\n<meta property=\"og:url\" content=\"https:\/\/www.xxlkw-parking.de\/lv\/datu-aizsardziba\/\" \/>\n<meta property=\"og:site_name\" content=\"XXLKW Secure Parking Elbebr\u00fccke A9\" \/>\n<meta property=\"article:modified_time\" content=\"2022-12-24T07:11:52+00:00\" \/>\n<meta name=\"twitter:card\" content=\"summary_large_image\" \/>\n<meta name=\"twitter:label1\" content=\"Est. reading time\" \/>\n\t<meta name=\"twitter:data1\" content=\"14 minutes\" \/>\n<script type=\"application\/ld+json\" class=\"yoast-schema-graph\">{\"@context\":\"https:\\\/\\\/schema.org\",\"@graph\":[{\"@type\":\"WebPage\",\"@id\":\"https:\\\/\\\/www.xxlkw-parking.de\\\/lv\\\/datu-aizsardziba\\\/\",\"url\":\"https:\\\/\\\/www.xxlkw-parking.de\\\/lv\\\/datu-aizsardziba\\\/\",\"name\":\"Datu aizsardz\u012bba - XXLKW Secure Parking Elbebr\u00fccke A9\",\"isPartOf\":{\"@id\":\"https:\\\/\\\/www.xxlkw-parking.de\\\/lv\\\/#website\"},\"datePublished\":\"2022-10-21T12:41:53+00:00\",\"dateModified\":\"2022-12-24T07:11:52+00:00\",\"breadcrumb\":{\"@id\":\"https:\\\/\\\/www.xxlkw-parking.de\\\/lv\\\/datu-aizsardziba\\\/#breadcrumb\"},\"inLanguage\":\"lv-LV\",\"potentialAction\":[{\"@type\":\"ReadAction\",\"target\":[\"https:\\\/\\\/www.xxlkw-parking.de\\\/lv\\\/datu-aizsardziba\\\/\"]}]},{\"@type\":\"BreadcrumbList\",\"@id\":\"https:\\\/\\\/www.xxlkw-parking.de\\\/lv\\\/datu-aizsardziba\\\/#breadcrumb\",\"itemListElement\":[{\"@type\":\"ListItem\",\"position\":1,\"name\":\"Startseite\",\"item\":\"https:\\\/\\\/www.xxlkw-parking.de\\\/lv\\\/\"},{\"@type\":\"ListItem\",\"position\":2,\"name\":\"Datu aizsardz\u012bba\"}]},{\"@type\":\"WebSite\",\"@id\":\"https:\\\/\\\/www.xxlkw-parking.de\\\/lv\\\/#website\",\"url\":\"https:\\\/\\\/www.xxlkw-parking.de\\\/lv\\\/\",\"name\":\"XXLKW Secure Parking Elbebr\u00fccke A9\",\"description\":\"LKW Parkplatz A9, Ausfahrt Vockerode\",\"publisher\":{\"@id\":\"https:\\\/\\\/www.xxlkw-parking.de\\\/lv\\\/#organization\"},\"potentialAction\":[{\"@type\":\"SearchAction\",\"target\":{\"@type\":\"EntryPoint\",\"urlTemplate\":\"https:\\\/\\\/www.xxlkw-parking.de\\\/lv\\\/?s={search_term_string}\"},\"query-input\":{\"@type\":\"PropertyValueSpecification\",\"valueRequired\":true,\"valueName\":\"search_term_string\"}}],\"inLanguage\":\"lv-LV\"},{\"@type\":\"Organization\",\"@id\":\"https:\\\/\\\/www.xxlkw-parking.de\\\/lv\\\/#organization\",\"name\":\"XXLKW Secure Parking Elbebr\u00fccke A9\",\"url\":\"https:\\\/\\\/www.xxlkw-parking.de\\\/lv\\\/\",\"logo\":{\"@type\":\"ImageObject\",\"inLanguage\":\"lv-LV\",\"@id\":\"https:\\\/\\\/www.xxlkw-parking.de\\\/lv\\\/#\\\/schema\\\/logo\\\/image\\\/\",\"url\":\"https:\\\/\\\/www.xxlkw-parking.de\\\/wp-content\\\/uploads\\\/2022\\\/10\\\/Logo-XXLKW.png\",\"contentUrl\":\"https:\\\/\\\/www.xxlkw-parking.de\\\/wp-content\\\/uploads\\\/2022\\\/10\\\/Logo-XXLKW.png\",\"width\":893,\"height\":346,\"caption\":\"XXLKW Secure Parking Elbebr\u00fccke A9\"},\"image\":{\"@id\":\"https:\\\/\\\/www.xxlkw-parking.de\\\/lv\\\/#\\\/schema\\\/logo\\\/image\\\/\"}}]}<\/script>\n<!-- \/ Yoast SEO plugin. -->","yoast_head_json":{"title":"Datu aizsardz\u012bba - XXLKW Secure Parking Elbebr\u00fccke A9","robots":{"index":"noindex","follow":"nofollow"},"og_locale":"lv_LV","og_type":"article","og_title":"Datu aizsardz\u012bba - XXLKW Secure Parking Elbebr\u00fccke A9","og_description":"Datu aizsardz\u012bba","og_url":"https:\/\/www.xxlkw-parking.de\/lv\/datu-aizsardziba\/","og_site_name":"XXLKW Secure Parking Elbebr\u00fccke A9","article_modified_time":"2022-12-24T07:11:52+00:00","twitter_card":"summary_large_image","twitter_misc":{"Est. reading time":"14 minutes"},"schema":{"@context":"https:\/\/schema.org","@graph":[{"@type":"WebPage","@id":"https:\/\/www.xxlkw-parking.de\/lv\/datu-aizsardziba\/","url":"https:\/\/www.xxlkw-parking.de\/lv\/datu-aizsardziba\/","name":"Datu aizsardz\u012bba - XXLKW Secure Parking Elbebr\u00fccke A9","isPartOf":{"@id":"https:\/\/www.xxlkw-parking.de\/lv\/#website"},"datePublished":"2022-10-21T12:41:53+00:00","dateModified":"2022-12-24T07:11:52+00:00","breadcrumb":{"@id":"https:\/\/www.xxlkw-parking.de\/lv\/datu-aizsardziba\/#breadcrumb"},"inLanguage":"lv-LV","potentialAction":[{"@type":"ReadAction","target":["https:\/\/www.xxlkw-parking.de\/lv\/datu-aizsardziba\/"]}]},{"@type":"BreadcrumbList","@id":"https:\/\/www.xxlkw-parking.de\/lv\/datu-aizsardziba\/#breadcrumb","itemListElement":[{"@type":"ListItem","position":1,"name":"Startseite","item":"https:\/\/www.xxlkw-parking.de\/lv\/"},{"@type":"ListItem","position":2,"name":"Datu aizsardz\u012bba"}]},{"@type":"WebSite","@id":"https:\/\/www.xxlkw-parking.de\/lv\/#website","url":"https:\/\/www.xxlkw-parking.de\/lv\/","name":"XXLKW Secure Parking Elbebr\u00fccke A9","description":"LKW Parkplatz A9, Ausfahrt Vockerode","publisher":{"@id":"https:\/\/www.xxlkw-parking.de\/lv\/#organization"},"potentialAction":[{"@type":"SearchAction","target":{"@type":"EntryPoint","urlTemplate":"https:\/\/www.xxlkw-parking.de\/lv\/?s={search_term_string}"},"query-input":{"@type":"PropertyValueSpecification","valueRequired":true,"valueName":"search_term_string"}}],"inLanguage":"lv-LV"},{"@type":"Organization","@id":"https:\/\/www.xxlkw-parking.de\/lv\/#organization","name":"XXLKW Secure Parking Elbebr\u00fccke A9","url":"https:\/\/www.xxlkw-parking.de\/lv\/","logo":{"@type":"ImageObject","inLanguage":"lv-LV","@id":"https:\/\/www.xxlkw-parking.de\/lv\/#\/schema\/logo\/image\/","url":"https:\/\/www.xxlkw-parking.de\/wp-content\/uploads\/2022\/10\/Logo-XXLKW.png","contentUrl":"https:\/\/www.xxlkw-parking.de\/wp-content\/uploads\/2022\/10\/Logo-XXLKW.png","width":893,"height":346,"caption":"XXLKW Secure Parking Elbebr\u00fccke A9"},"image":{"@id":"https:\/\/www.xxlkw-parking.de\/lv\/#\/schema\/logo\/image\/"}}]}},"taxonomy_info":[],"featured_image_src_large":false,"author_info":{"display_name":"linda","author_link":"https:\/\/www.xxlkw-parking.de\/lv\/author\/linda\/"},"comment_info":0,"_links":{"self":[{"href":"https:\/\/www.xxlkw-parking.de\/lv\/wp-json\/wp\/v2\/pages\/2580","targetHints":{"allow":["GET"]}}],"collection":[{"href":"https:\/\/www.xxlkw-parking.de\/lv\/wp-json\/wp\/v2\/pages"}],"about":[{"href":"https:\/\/www.xxlkw-parking.de\/lv\/wp-json\/wp\/v2\/types\/page"}],"author":[{"embeddable":true,"href":"https:\/\/www.xxlkw-parking.de\/lv\/wp-json\/wp\/v2\/users\/1"}],"replies":[{"embeddable":true,"href":"https:\/\/www.xxlkw-parking.de\/lv\/wp-json\/wp\/v2\/comments?post=2580"}],"version-history":[{"count":5,"href":"https:\/\/www.xxlkw-parking.de\/lv\/wp-json\/wp\/v2\/pages\/2580\/revisions"}],"predecessor-version":[{"id":3165,"href":"https:\/\/www.xxlkw-parking.de\/lv\/wp-json\/wp\/v2\/pages\/2580\/revisions\/3165"}],"wp:attachment":[{"href":"https:\/\/www.xxlkw-parking.de\/lv\/wp-json\/wp\/v2\/media?parent=2580"}],"curies":[{"name":"wp","href":"https:\/\/api.w.org\/{rel}","templated":true}]}}